{"id":33,"date":"2022-09-26T15:39:05","date_gmt":"2022-09-26T15:39:05","guid":{"rendered":"https:\/\/val-hala.com\/grupo\/?page_id=33"},"modified":"2025-03-20T18:02:17","modified_gmt":"2025-03-20T18:02:17","slug":"responsabilidade-social","status":"publish","type":"page","link":"https:\/\/val-hala.com\/grupo\/responsabilidade-social\/","title":{"rendered":"Responsabilidade Social"},"content":{"rendered":"<section class=\"l-section wpb_row height_auto\"><div class=\"l-section-h i-cf\"><div class=\"g-cols vc_row via_grid cols_1 laptops-cols_inherit tablets-cols_inherit mobiles-cols_1 valign_top type_default stacking_default\"><div class=\"wpb_column vc_column_container\"><div class=\"vc_column-inner\"><div class=\"w-separator size_custom\" style=\"height:18px\"><\/div><\/div><\/div><\/div><\/div><\/section><section class=\"l-section wpb_row us_custom_f769fdc1 height_auto\"><div class=\"l-section-h i-cf\"><div class=\"g-cols vc_row via_grid cols_1 laptops-cols_inherit tablets-cols_inherit mobiles-cols_1 valign_middle type_default stacking_default\"><div class=\"wpb_column vc_column_container\"><div class=\"vc_column-inner\"><h2 class=\"w-post-elm post_title us_custom_3b6ec893 has_text_color align_center entry-title color_link_inherit\">Responsabilidade Social<\/h2><div class=\"w-separator us_custom_66abc5cc has_text_color size_custom with_line width_default thick_1 style_solid color_text align_center\" style=\"height:\"><div class=\"w-separator-h\"><\/div><\/div><\/div><\/div><\/div><\/div><\/section><section class=\"l-section wpb_row us_custom_334fe052 height_auto\"><div class=\"l-section-h i-cf\"><div class=\"g-cols vc_row via_grid cols_1 laptops-cols_inherit tablets-cols_inherit mobiles-cols_1 valign_top type_default stacking_default\"><div class=\"wpb_column vc_column_container\"><div class=\"vc_column-inner\"><div class=\"wpb_text_column us_custom_f3b72de6\"><div class=\"wpb_wrapper\"><p>A Val Hala no \u00e2mbito da sua pol\u00edtica de responsabilidade social, apoia v\u00e1rias institui\u00e7\u00f5es, cujo objetivo seja o desenvolvimento social e integra\u00e7\u00e3o atrav\u00e9s do desporto, assim como outros apoios considerados \u00fateis no apoio \u00e0s comunidades locais onde estamos inseridos.<\/p>\n<\/div><\/div><\/div><\/div><\/div><\/div><\/section><section class=\"l-section wpb_row height_auto\"><div class=\"l-section-h i-cf\"><div class=\"g-cols vc_row via_grid cols_1 laptops-cols_inherit tablets-cols_inherit mobiles-cols_1 valign_top type_default stacking_default\"><div class=\"wpb_column vc_column_container\"><div class=\"vc_column-inner\"><div class=\"w-separator size_large\"><\/div><div class=\"w-text us_custom_8acfcf87 filetbaixo has_text_color\"><span class=\"w-text-h\"><span class=\"w-text-value\">Parcerias Realizadas<\/span><\/span><\/div><div class=\"w-separator us_custom_66abc5cc has_text_color size_custom with_line width_default thick_1 style_solid color_text align_center\" style=\"height:\"><div class=\"w-separator-h\"><\/div><\/div><div class=\"g-cols wpb_row us_custom_6f8813bf via_grid cols_2 laptops-cols_inherit tablets-cols_inherit mobiles-cols_1 valign_top type_default stacking_default\" style=\"grid-gap:2rem;\"><div class=\"wpb_column vc_column_container\"><div class=\"vc_column-inner\"><div class=\"wpb_text_column\"><div class=\"wpb_wrapper\"><ul>\n<li>Associa\u00e7\u00e3o Familiar e Desportiva da Torre<\/li>\n<li>Clube Futebol Benfica<\/li>\n<li>Portimonense SAD<\/li>\n<li>Equipa Veteranos Futebol, Sporting Clube de Portugal<\/li>\n<li>Clube TAP<\/li>\n<li>C\u00e2mara Municipal de Portim\u00e3o<\/li>\n<\/ul>\n<\/div><\/div><\/div><\/div><div class=\"wpb_column vc_column_container\"><div class=\"vc_column-inner\"><div class=\"wpb_text_column\"><div class=\"wpb_wrapper\"><ul>\n<li>Junta de Freguesia de Benfica<\/li>\n<li>Federa\u00e7\u00e3o Portuguesa de Futebol<\/li>\n<li>Canal 11<\/li>\n<li>Torre Laranja Futsal Club<\/li>\n<li>Associa\u00e7\u00e3o Desportiva Past\u00e9is da Bola<\/li>\n<li>Portimonense Sporting Clube<\/li>\n<\/ul>\n<\/div><\/div><\/div><\/div><\/div><div class=\"w-separator size_medium\"><\/div><\/div><\/div><\/div><\/div><\/section><section class=\"l-section wpb_row us_custom_ccb8aa8c height_auto\"><div class=\"l-section-h i-cf\"><div class=\"g-cols vc_row via_grid cols_1 laptops-cols_inherit tablets-cols_inherit mobiles-cols_1 valign_top type_default stacking_default\"><div class=\"wpb_column vc_column_container\"><div class=\"vc_column-inner\"><div class=\"w-text us_custom_8acfcf87 filetbaixo has_text_color\"><span class=\"w-text-h\"><span class=\"w-text-value\">Parcerias Ativas<\/span><\/span><\/div><div class=\"w-separator us_custom_dd20d863 has_text_color size_custom with_line width_default thick_1 style_solid color_text align_center\" style=\"height:\"><div class=\"w-separator-h\"><\/div><\/div><\/div><\/div><\/div><\/div><\/section><section class=\"l-section wpb_row us_custom_0681af9f height_auto\"><div class=\"l-section-h i-cf\"><div class=\"g-cols vc_row via_grid cols_1 laptops-cols_inherit tablets-cols_inherit mobiles-cols_1 valign_top type_default stacking_default\"><div class=\"wpb_column vc_column_container\"><div class=\"vc_column-inner\"><div class=\"w-image us_custom_44d93045 align_center\"><div class=\"w-image-h\"><img width=\"126\" height=\"100\" src=\"https:\/\/val-hala.com\/grupo\/wp-content\/uploads\/2023\/08\/logo-dark.png\" class=\"attachment-full size-full\" alt=\"\" loading=\"lazy\" \/><\/div><\/div><div class=\"w-text us_custom_09448900 iconetexto has_text_color\"><span class=\"w-text-h\"><span class=\"w-text-value\">CASA PIA AC<\/span><\/span><\/div><div class=\"wpb_text_column us_custom_929da95e\"><div class=\"wpb_wrapper\"><p>Apoio \u00e0 equipa de futebol profissional e equipas principais do futebol de forma\u00e7\u00e3o.<\/p>\n<\/div><\/div><div class=\"g-cols wpb_row via_grid cols_2 laptops-cols_inherit tablets-cols_inherit mobiles-cols_1 valign_top type_default stacking_default\" style=\"grid-gap:2rem;\"><div class=\"wpb_column vc_column_container\"><div class=\"vc_column-inner\"><div class=\"w-image us_custom_cdf14ffd align_center\"><div class=\"w-image-h\"><img width=\"1024\" height=\"396\" src=\"https:\/\/val-hala.com\/grupo\/wp-content\/uploads\/2023\/08\/my0n4colpb4koosks-1024x396.jpg\" class=\"attachment-large size-large\" alt=\"\" loading=\"lazy\" srcset=\"https:\/\/val-hala.com\/grupo\/wp-content\/uploads\/2023\/08\/my0n4colpb4koosks-1024x396.jpg 1024w, https:\/\/val-hala.com\/grupo\/wp-content\/uploads\/2023\/08\/my0n4colpb4koosks-300x116.jpg 300w, https:\/\/val-hala.com\/grupo\/wp-content\/uploads\/2023\/08\/my0n4colpb4koosks.jpg 1736w\" sizes=\"(max-width: 1024px) 100vw, 1024px\" \/><\/div><\/div><\/div><\/div><div class=\"wpb_column vc_column_container\"><div class=\"vc_column-inner\"><div class=\"w-image us_custom_cdf14ffd align_center\"><div class=\"w-image-h\"><img width=\"1024\" height=\"419\" src=\"https:\/\/val-hala.com\/grupo\/wp-content\/uploads\/2023\/08\/hawhnpmstw8csowskw-1024x419.jpg\" class=\"attachment-large size-large\" alt=\"\" loading=\"lazy\" srcset=\"https:\/\/val-hala.com\/grupo\/wp-content\/uploads\/2023\/08\/hawhnpmstw8csowskw-1024x419.jpg 1024w, https:\/\/val-hala.com\/grupo\/wp-content\/uploads\/2023\/08\/hawhnpmstw8csowskw-300x123.jpg 300w, https:\/\/val-hala.com\/grupo\/wp-content\/uploads\/2023\/08\/hawhnpmstw8csowskw.jpg 1636w\" sizes=\"(max-width: 1024px) 100vw, 1024px\" \/><\/div><\/div><\/div><\/div><\/div><\/div><\/div><\/div><\/div><\/section><section class=\"l-section wpb_row height_auto\"><div class=\"l-section-h i-cf\"><div class=\"g-cols vc_row via_grid cols_1 laptops-cols_inherit tablets-cols_inherit mobiles-cols_1 valign_top type_default stacking_default\"><div class=\"wpb_column vc_column_container\"><div class=\"vc_column-inner\"><div class=\"w-separator size_huge\"><\/div><\/div><\/div><\/div><\/div><\/section>\n","protected":false},"excerpt":{"rendered":"Responsabilidade SocialA Val Hala no \u00e2mbito da sua pol\u00edtica de responsabilidade social, apoia v\u00e1rias institui\u00e7\u00f5es, cujo objetivo seja o desenvolvimento social e integra\u00e7\u00e3o atrav\u00e9s do desporto, assim como outros apoios considerados \u00fateis no apoio \u00e0s comunidades locais onde estamos inseridos. Parcerias Realizadas Associa\u00e7\u00e3o Familiar e Desportiva da Torre Clube Futebol Benfica Portimonense SAD Equipa Veteranos...","protected":false},"author":1,"featured_media":0,"parent":0,"menu_order":0,"comment_status":"closed","ping_status":"closed","template":"","meta":{"inline_featured_image":false},"_links":{"self":[{"href":"https:\/\/val-hala.com\/grupo\/wp-json\/wp\/v2\/pages\/33"}],"collection":[{"href":"https:\/\/val-hala.com\/grupo\/wp-json\/wp\/v2\/pages"}],"about":[{"href":"https:\/\/val-hala.com\/grupo\/wp-json\/wp\/v2\/types\/page"}],"author":[{"embeddable":true,"href":"https:\/\/val-hala.com\/grupo\/wp-json\/wp\/v2\/users\/1"}],"replies":[{"embeddable":true,"href":"https:\/\/val-hala.com\/grupo\/wp-json\/wp\/v2\/comments?post=33"}],"version-history":[{"count":57,"href":"https:\/\/val-hala.com\/grupo\/wp-json\/wp\/v2\/pages\/33\/revisions"}],"predecessor-version":[{"id":654,"href":"https:\/\/val-hala.com\/grupo\/wp-json\/wp\/v2\/pages\/33\/revisions\/654"}],"wp:attachment":[{"href":"https:\/\/val-hala.com\/grupo\/wp-json\/wp\/v2\/media?parent=33"}],"curies":[{"name":"wp","href":"https:\/\/api.w.org\/{rel}","templated":true}]}}